{"id":382,"date":"2022-06-10T07:22:46","date_gmt":"2022-06-10T07:22:46","guid":{"rendered":"https:\/\/dev.kalax.fi\/?page_id=382"},"modified":"2022-06-16T05:52:59","modified_gmt":"2022-06-16T05:52:59","slug":"sevardheter","status":"publish","type":"page","link":"https:\/\/www.kalax.fi\/?page_id=382","title":{"rendered":"Sev\u00e4rdheter"},"content":{"rendered":"<p><img loading=\"lazy\" decoding=\"async\" class=\" wp-image-368 alignright\" src=\"https:\/\/dev.kalax.fi\/wp-content\/uploads\/2022\/04\/424E2CF9-F930-4293-A399-5CE649CCD0E6-300x200.jpeg\" alt=\"\" width=\"381\" height=\"254\" srcset=\"https:\/\/www.kalax.fi\/wp-content\/uploads\/2022\/04\/424E2CF9-F930-4293-A399-5CE649CCD0E6-300x200.jpeg 300w, https:\/\/www.kalax.fi\/wp-content\/uploads\/2022\/04\/424E2CF9-F930-4293-A399-5CE649CCD0E6-1024x683.jpeg 1024w, https:\/\/www.kalax.fi\/wp-content\/uploads\/2022\/04\/424E2CF9-F930-4293-A399-5CE649CCD0E6-768x512.jpeg 768w, https:\/\/www.kalax.fi\/wp-content\/uploads\/2022\/04\/424E2CF9-F930-4293-A399-5CE649CCD0E6-1536x1024.jpeg 1536w, https:\/\/www.kalax.fi\/wp-content\/uploads\/2022\/04\/424E2CF9-F930-4293-A399-5CE649CCD0E6-2048x1365.jpeg 2048w\" sizes=\"auto, (max-width: 381px) 100vw, 381px\" \/><\/p>\n<h3>Carl H\u00e4ggs minnesm\u00e4rke<\/h3>\n<p>&nbsp;<\/p>\n<p>Minnes m\u00e4rket \u00f6ver var Carl H\u00e4gg, kyrkoherde i N\u00e4rpes 1796 &#8211; 1808, hem fanns som br\u00e4ndes ner 1808. Carl H\u00e4gg hade sj\u00e4lv flytt till Sverige. L\u00e4s mera om honom under \u00a0Kalax historia och 1800-talet.<\/p>\n<p>&nbsp;<\/p>\n<p>&nbsp;<\/p>\n<h3><strong>Vargholmen<\/strong><\/h3>\n<p>P\u00e5 Vargholmen finns b\u00e5tplats och sommarstugor. Men ocks\u00e5 Oasen och Paviljongen. P\u00e5 Oasen firas Kalaxdagen, d\u00e4r har man br\u00f6llopsfester, s\u00e5ngtillf\u00e4llen och mycket annat. P\u00e5 oasen finns \u00e4ven en fin simstrand och \u00e4r ett fint st\u00e4lle f\u00f6r familjer att avnjuta en fin sommardag.<\/p>\n<p><img loading=\"lazy\" decoding=\"async\" class=\" wp-image-411 aligncenter\" src=\"https:\/\/dev.kalax.fi\/wp-content\/uploads\/2022\/06\/6712D2BF-34BA-40F1-AF50-CCF10D70427C-300x123.jpeg\" alt=\"\" width=\"766\" height=\"314\" srcset=\"https:\/\/www.kalax.fi\/wp-content\/uploads\/2022\/06\/6712D2BF-34BA-40F1-AF50-CCF10D70427C-300x123.jpeg 300w, https:\/\/www.kalax.fi\/wp-content\/uploads\/2022\/06\/6712D2BF-34BA-40F1-AF50-CCF10D70427C-1024x419.jpeg 1024w, https:\/\/www.kalax.fi\/wp-content\/uploads\/2022\/06\/6712D2BF-34BA-40F1-AF50-CCF10D70427C-768x314.jpeg 768w, https:\/\/www.kalax.fi\/wp-content\/uploads\/2022\/06\/6712D2BF-34BA-40F1-AF50-CCF10D70427C.jpeg 1200w\" sizes=\"auto, (max-width: 766px) 100vw, 766px\" \/><\/p>\n","protected":false},"excerpt":{"rendered":"<p>Carl H\u00e4ggs minnesm\u00e4rke &nbsp; Minnes m\u00e4rket \u00f6ver var Carl H\u00e4gg, kyrkoherde i N\u00e4rpes 1796 &#8211; 1808, hem fanns som br\u00e4ndes ner 1808. Carl H\u00e4gg hade sj\u00e4lv flytt till Sverige. L\u00e4s mera om honom under \u00a0Kalax historia och 1800-talet. &nbsp; &nbsp; Vargholmen P\u00e5 Vargholmen finns b\u00e5tplats och sommarstugor. Men ocks\u00e5 Oasen och Paviljongen. P\u00e5 Oasen firas [&hellip;]<\/p>\n","protected":false},"author":1,"featured_media":0,"parent":0,"menu_order":0,"comment_status":"closed","ping_status":"closed","template":"","meta":{"footnotes":""},"class_list":["post-382","page","type-page","status-publish","hentry","wpbf-post"],"_links":{"self":[{"href":"https:\/\/www.kalax.fi\/index.php?rest_route=\/wp\/v2\/pages\/382","targetHints":{"allow":["GET"]}}],"collection":[{"href":"https:\/\/www.kalax.fi\/index.php?rest_route=\/wp\/v2\/pages"}],"about":[{"href":"https:\/\/www.kalax.fi\/index.php?rest_route=\/wp\/v2\/types\/page"}],"author":[{"embeddable":true,"href":"https:\/\/www.kalax.fi\/index.php?rest_route=\/wp\/v2\/users\/1"}],"replies":[{"embeddable":true,"href":"https:\/\/www.kalax.fi\/index.php?rest_route=%2Fwp%2Fv2%2Fcomments&post=382"}],"version-history":[{"count":13,"href":"https:\/\/www.kalax.fi\/index.php?rest_route=\/wp\/v2\/pages\/382\/revisions"}],"predecessor-version":[{"id":447,"href":"https:\/\/www.kalax.fi\/index.php?rest_route=\/wp\/v2\/pages\/382\/revisions\/447"}],"wp:attachment":[{"href":"https:\/\/www.kalax.fi\/index.php?rest_route=%2Fwp%2Fv2%2Fmedia&parent=382"}],"curies":[{"name":"wp","href":"https:\/\/api.w.org\/{rel}","templated":true}]}}