{"id":378,"date":"2022-06-10T07:22:23","date_gmt":"2022-06-10T07:22:23","guid":{"rendered":"https:\/\/dev.kalax.fi\/?page_id=378"},"modified":"2025-02-20T12:18:59","modified_gmt":"2025-02-20T12:18:59","slug":"byaradet","status":"publish","type":"page","link":"https:\/\/www.kalax.fi\/?page_id=378","title":{"rendered":"Byaf\u00f6rening"},"content":{"rendered":"<p>Kalax Byaf\u00f6rening grundades 2022. Man s\u00e5g behovet att samla byns krafter till projekt som gagnar alla Kalaxbor. Byaf\u00f6reningen kan man kontakta f\u00f6r id\u00e9er och f\u00f6rslag man har f\u00f6r byn. Allt f\u00f6r att g\u00f6ra byn s\u00e5 trevlig och trivsam f\u00f6r de som bor d\u00e4r.<\/p>\n<p><strong>Ordf\u00f6rande:<\/strong><\/p>\n<p>Susanne Fred 040 7589895<\/p>\n<p><strong>Vice ordf\u00f6rande:<\/strong><\/p>\n<p>Marcus Wideroos<\/p>\n<p><strong>Sekreterare:<\/strong><\/p>\n<p>Ir\u00e9ne Ahlros<\/p>\n<p><strong>Kass\u00f6r:<\/strong><\/p>\n<p>Sandra Wester<\/p>\n<p>Johanna Berlin<\/p>\n<p>Robert Westerg\u00e5rd<\/p>\n<p>Markus Gj\u00e4ls<\/p>\n<p>Malin Bondfolk<\/p>\n<p>Kent Bergvik<\/p>\n<p>Bj\u00f6rn Fred<\/p>\n<p>Varmt v\u00e4lkommen med i v\u00e5r f\u00f6rening och p\u00e5 v\u00e5ra evenemang!<\/p>\n<p>Byaf\u00f6reningen ordnar olika evenemang f\u00f6r att skapa gemenskap och trivsel i byn. Vi hoppas att s\u00e5 m\u00e5nga som m\u00f6jligt hittar n\u00e5got i sin smak och vill komma med!<\/p>\n<p>Vi kommer fram\u00f6ver att annonsera om v\u00e5r verksamhet p\u00e5 byns anslagstavlor: en finns vid Skogsdungens daghem, en nere vid hamnen och den som finns vid f.d. Nissfolk kommer vi att flytta till UF-lokalen.<span class=\"Apple-converted-space\">\u00a0<\/span><\/p>\n<p>H\u00e5ll utkik d\u00e4r!<\/p>\n<p>Har du fr\u00e5gor f\u00e5r du g\u00e4rna kontakta Marja Fors\u00e9n p\u00e5 telefonnummer +358407251708.<\/p>\n<p>Vi finns ocks\u00e5 p\u00e5 Facebook d\u00e4r gruppen heter Kalax by.<\/p>\n<p>&nbsp;<\/p>\n<p>S\u00e5 h\u00e4r blir du medlem:<\/p>\n<p>Betala in medlemavgift 20\u20ac\/\u00e5r till konto<\/p>\n<p>FI82 5564 0020 0553 53\/Kalax byaf\u00f6rening r.f.<\/p>\n<p>Som referensnummer skriver du 4242.<span class=\"Apple-converted-space\">\u00a0<\/span><\/p>\n<p>\u00d6nskar du bli tillagd i f\u00f6reningens Whatsappgrupp, v\u00e4nligen skicka mail till <a href=\"mailto:kalaxbyaforening@gmail.com\">kalaxbyaforening@gmail.com<\/a>.<\/p>\n<p>Har du fr\u00e5gor ang\u00e5nde gymmet? Ta kontakt med Bj\u00f6rn Fred +358406173606.<\/p>\n","protected":false},"excerpt":{"rendered":"<p>Kalax Byaf\u00f6rening grundades 2022. Man s\u00e5g behovet att samla byns krafter till projekt som gagnar alla Kalaxbor. Byaf\u00f6reningen kan man kontakta f\u00f6r id\u00e9er och f\u00f6rslag man har f\u00f6r byn. Allt f\u00f6r att g\u00f6ra byn s\u00e5 trevlig och trivsam f\u00f6r de som bor d\u00e4r. Ordf\u00f6rande: Susanne Fred 040 7589895 Vice ordf\u00f6rande: Marcus Wideroos Sekreterare: Ir\u00e9ne Ahlros [&hellip;]<\/p>\n","protected":false},"author":1,"featured_media":0,"parent":0,"menu_order":0,"comment_status":"closed","ping_status":"closed","template":"","meta":{"footnotes":""},"class_list":["post-378","page","type-page","status-publish","hentry","wpbf-post"],"_links":{"self":[{"href":"https:\/\/www.kalax.fi\/index.php?rest_route=\/wp\/v2\/pages\/378","targetHints":{"allow":["GET"]}}],"collection":[{"href":"https:\/\/www.kalax.fi\/index.php?rest_route=\/wp\/v2\/pages"}],"about":[{"href":"https:\/\/www.kalax.fi\/index.php?rest_route=\/wp\/v2\/types\/page"}],"author":[{"embeddable":true,"href":"https:\/\/www.kalax.fi\/index.php?rest_route=\/wp\/v2\/users\/1"}],"replies":[{"embeddable":true,"href":"https:\/\/www.kalax.fi\/index.php?rest_route=%2Fwp%2Fv2%2Fcomments&post=378"}],"version-history":[{"count":9,"href":"https:\/\/www.kalax.fi\/index.php?rest_route=\/wp\/v2\/pages\/378\/revisions"}],"predecessor-version":[{"id":940,"href":"https:\/\/www.kalax.fi\/index.php?rest_route=\/wp\/v2\/pages\/378\/revisions\/940"}],"wp:attachment":[{"href":"https:\/\/www.kalax.fi\/index.php?rest_route=%2Fwp%2Fv2%2Fmedia&parent=378"}],"curies":[{"name":"wp","href":"https:\/\/api.w.org\/{rel}","templated":true}]}}